{"id":212,"date":"2023-10-23T13:21:59","date_gmt":"2023-10-23T11:21:59","guid":{"rendered":"https:\/\/funoc-dev.funoc.be\/?page_id=212"},"modified":"2023-10-23T13:25:53","modified_gmt":"2023-10-23T11:25:53","slug":"creche-de-la-funoc","status":"publish","type":"page","link":"https:\/\/funoc.be\/?page_id=212","title":{"rendered":"Cr\u00e8che de la FUNOC"},"content":{"rendered":"\n<p>Vous souhaitez entrer en formation mais vous avez des enfants en bas-\u00e2ges et craignez de ne pouvoir suivre vos cours en toute s\u00e9r\u00e9nit\u00e9 ? Ce n&rsquo;est pas un probl\u00e8me&#8230;gr\u00e2ce \u00e0 la cr\u00e8che. La FUNOC dispose de deux installations avec priorit\u00e9 pour nos stagiaires.<\/p>\n\n\n\n<h2 class=\"wp-block-heading\">Tout pour vos enfants<\/h2>\n\n\n\n<p>L\u2019objectif de nos cr\u00e8ches est triple&nbsp;:<\/p>\n\n\n\n<ul class=\"wp-block-list\">\n<li>il s\u2019agit d\u2019une part de faciliter l\u2019acc\u00e8s des stagiaires, parents d\u2019enfants \u00e2g\u00e9s de 0 \u00e0 2,5 ans, aux diff\u00e9rentes formations organis\u00e9es par la FUNOC ou par d\u2019autres centres de formation pour adultes&nbsp;;<\/li>\n\n\n\n<li>il s\u2019agit, d\u2019autre part, de d\u00e9passer les simples fonctions de \u00ab\u00a0garde\u00a0\u00bb et de profiter du passage de ces enfants \u00e0 la FUNOC pour les faire b\u00e9n\u00e9ficier d\u2019activit\u00e9s d\u2019\u00e9veil, de psychomotricit\u00e9, et d\u2019\u0153uvrer aussi \u00e0 leur socialisation&nbsp;;<\/li>\n\n\n\n<li>il s\u2019agit, enfin, de d\u00e9velopper un important travail de rem\u00e9diation, de pr\u00e9vention, et de soutien \u00e0 la parentalit\u00e9.<\/li>\n<\/ul>\n\n\n\n<p>La participation financi\u00e8re des parents est calcul\u00e9e sur base des revenus du m\u00e9nage. Quand il n\u2019y a plus de place dans nos structures d\u2019accueil, nous renvoyons vers des milieux d\u2019accueil qui pratiquent le m\u00eame tarif que nous.<\/p>\n\n\n\n<h2 class=\"wp-block-heading\">Pas une cr\u00e8che, DEUX cr\u00e8ches !<\/h2>\n\n\n\n<p>Pour encore mieux aider ses stagiaires, la FUNOC propose deux implantations diff\u00e9rentes \u00e0 Charleroi et Monceau-Sur-Sambre.<\/p>\n\n\n\n<h3 class=\"wp-block-heading\">Horaires, contacts et adresses<\/h3>\n\n\n\n<p><strong>Charleroi<\/strong><\/p>\n\n\n\n<ul class=\"wp-block-list\">\n<li>5 rue de la Digue \u00e0 6000 Charleroi<\/li>\n\n\n\n<li>8h &gt; 18h<\/li>\n\n\n\n<li>071\/ 31 16 00<\/li>\n\n\n\n<li><a href=\"https:\/\/my.one.be\/milieu-accueil\/4390\">Fiche de la cr\u00e8che sur le site de l&rsquo;ONE<\/a><\/li>\n<\/ul>\n\n\n\n<p><strong>Monceau-Sur-Sambre<\/strong><\/p>\n\n\n\n<ul class=\"wp-block-list\">\n<li>41 Route de Trazegnies \u00e0 6031 Monceau-Sur-Sambre<\/li>\n\n\n\n<li>7h &gt; 18h<\/li>\n\n\n\n<li>071\/64.37.68<\/li>\n\n\n\n<li><a href=\"https:\/\/my.one.be\/milieu-accueil\/2786\">Fiche de la cr\u00e8che sur le site de l&rsquo;ONE<\/a><\/li>\n<\/ul>\n","protected":false},"excerpt":{"rendered":"<p>Vous souhaitez entrer en formation mais vous avez des enfants en bas-\u00e2ges et craignez de ne pouvoir suivre vos cours en toute s\u00e9r\u00e9nit\u00e9 ? Ce n&rsquo;est pas un probl\u00e8me&#8230;gr\u00e2ce \u00e0 la cr\u00e8che. La FUNOC dispose de deux installations avec priorit\u00e9 pour nos stagiaires. Tout pour vos enfants L\u2019objectif de nos cr\u00e8ches est triple&nbsp;: La participation [&hellip;]<\/p>\n","protected":false},"author":2,"featured_media":0,"parent":0,"menu_order":0,"comment_status":"closed","ping_status":"closed","template":"","meta":{"footnotes":""},"class_list":["post-212","page","type-page","status-publish","hentry"],"yoast_head":"<!-- This site is optimized with the Yoast SEO plugin v21.4 - https:\/\/yoast.com\/wordpress\/plugins\/seo\/ -->\n<title>Les cr\u00e8ches de la FUNOC<\/title>\n<meta name=\"description\" content=\"La FUNOC dispose de deux cr\u00e8ches pour que ses stagiaires qui ont des enfants en bas-\u00e2ges puissent suivre leurs cours en toute s\u00e9r\u00e9nit\u00e9.\" \/>\n<meta name=\"robots\" content=\"index, follow, max-snippet:-1, max-image-preview:large, max-video-preview:-1\" \/>\n<link rel=\"canonical\" href=\"https:\/\/funoc.be\/?page_id=212\" \/>\n<meta property=\"og:locale\" content=\"fr_FR\" \/>\n<meta property=\"og:type\" content=\"article\" \/>\n<meta property=\"og:title\" content=\"Les cr\u00e8ches de la FUNOC\" \/>\n<meta property=\"og:description\" content=\"La FUNOC dispose de deux cr\u00e8ches pour que ses stagiaires qui ont des enfants en bas-\u00e2ges puissent suivre leurs cours en toute s\u00e9r\u00e9nit\u00e9.\" \/>\n<meta property=\"og:url\" content=\"https:\/\/funoc.be\/?page_id=212\" \/>\n<meta property=\"og:site_name\" content=\"Funoc\" \/>\n<meta property=\"article:publisher\" content=\"https:\/\/www.facebook.com\/la.funoc\" \/>\n<meta property=\"article:modified_time\" content=\"2023-10-23T11:25:53+00:00\" \/>\n<meta property=\"og:image\" content=\"https:\/\/funoc.be\/wp-content\/uploads\/2024\/01\/trouve-ta-formation-cousin.png\" \/>\n\t<meta property=\"og:image:width\" content=\"1920\" \/>\n\t<meta property=\"og:image:height\" content=\"1280\" \/>\n\t<meta property=\"og:image:type\" content=\"image\/png\" \/>\n<meta name=\"twitter:card\" content=\"summary_large_image\" \/>\n<meta name=\"twitter:label1\" content=\"Dur\u00e9e de lecture estim\u00e9e\" \/>\n\t<meta name=\"twitter:data1\" content=\"2 minutes\" \/>\n<script type=\"application\/ld+json\" class=\"yoast-schema-graph\">{\"@context\":\"https:\/\/schema.org\",\"@graph\":[{\"@type\":\"WebPage\",\"@id\":\"https:\/\/funoc.be\/?page_id=212\",\"url\":\"https:\/\/funoc.be\/?page_id=212\",\"name\":\"Les cr\u00e8ches de la FUNOC\",\"isPartOf\":{\"@id\":\"https:\/\/funoc.be\/#website\"},\"datePublished\":\"2023-10-23T11:21:59+00:00\",\"dateModified\":\"2023-10-23T11:25:53+00:00\",\"description\":\"La FUNOC dispose de deux cr\u00e8ches pour que ses stagiaires qui ont des enfants en bas-\u00e2ges puissent suivre leurs cours en toute s\u00e9r\u00e9nit\u00e9.\",\"breadcrumb\":{\"@id\":\"https:\/\/funoc.be\/?page_id=212#breadcrumb\"},\"inLanguage\":\"fr-FR\",\"potentialAction\":[{\"@type\":\"ReadAction\",\"target\":[\"https:\/\/funoc.be\/?page_id=212\"]}]},{\"@type\":\"BreadcrumbList\",\"@id\":\"https:\/\/funoc.be\/?page_id=212#breadcrumb\",\"itemListElement\":[{\"@type\":\"ListItem\",\"position\":1,\"name\":\"Accueil\",\"item\":\"https:\/\/funoc.be\/\"},{\"@type\":\"ListItem\",\"position\":2,\"name\":\"Cr\u00e8che de la FUNOC\"}]},{\"@type\":\"WebSite\",\"@id\":\"https:\/\/funoc.be\/#website\",\"url\":\"https:\/\/funoc.be\/\",\"name\":\"FUNOC : la formation \u00e0 Charleroi\",\"description\":\"La formation, c&#039;est FUN&#039; OK ?\",\"publisher\":{\"@id\":\"https:\/\/funoc.be\/#organization\"},\"potentialAction\":[{\"@type\":\"SearchAction\",\"target\":{\"@type\":\"EntryPoint\",\"urlTemplate\":\"https:\/\/funoc.be\/?s={search_term_string}\"},\"query-input\":\"required name=search_term_string\"}],\"inLanguage\":\"fr-FR\"},{\"@type\":\"Organization\",\"@id\":\"https:\/\/funoc.be\/#organization\",\"name\":\"FUNOC : la formation \u00e0 Charleroi\",\"url\":\"https:\/\/funoc.be\/\",\"logo\":{\"@type\":\"ImageObject\",\"inLanguage\":\"fr-FR\",\"@id\":\"https:\/\/funoc.be\/#\/schema\/logo\/image\/\",\"url\":\"https:\/\/funoc.be\/wp-content\/uploads\/2023\/10\/funoc_logo_positif_sansfond_900X900_72pdi.png\",\"contentUrl\":\"https:\/\/funoc.be\/wp-content\/uploads\/2023\/10\/funoc_logo_positif_sansfond_900X900_72pdi.png\",\"width\":900,\"height\":900,\"caption\":\"FUNOC : la formation \u00e0 Charleroi\"},\"image\":{\"@id\":\"https:\/\/funoc.be\/#\/schema\/logo\/image\/\"},\"sameAs\":[\"https:\/\/www.facebook.com\/la.funoc\"]}]}<\/script>\n<!-- \/ Yoast SEO plugin. -->","yoast_head_json":{"title":"Les cr\u00e8ches de la FUNOC","description":"La FUNOC dispose de deux cr\u00e8ches pour que ses stagiaires qui ont des enfants en bas-\u00e2ges puissent suivre leurs cours en toute s\u00e9r\u00e9nit\u00e9.","robots":{"index":"index","follow":"follow","max-snippet":"max-snippet:-1","max-image-preview":"max-image-preview:large","max-video-preview":"max-video-preview:-1"},"canonical":"https:\/\/funoc.be\/?page_id=212","og_locale":"fr_FR","og_type":"article","og_title":"Les cr\u00e8ches de la FUNOC","og_description":"La FUNOC dispose de deux cr\u00e8ches pour que ses stagiaires qui ont des enfants en bas-\u00e2ges puissent suivre leurs cours en toute s\u00e9r\u00e9nit\u00e9.","og_url":"https:\/\/funoc.be\/?page_id=212","og_site_name":"Funoc","article_publisher":"https:\/\/www.facebook.com\/la.funoc","article_modified_time":"2023-10-23T11:25:53+00:00","og_image":[{"width":1920,"height":1280,"url":"https:\/\/funoc.be\/wp-content\/uploads\/2024\/01\/trouve-ta-formation-cousin.png","type":"image\/png"}],"twitter_card":"summary_large_image","twitter_misc":{"Dur\u00e9e de lecture estim\u00e9e":"2 minutes"},"schema":{"@context":"https:\/\/schema.org","@graph":[{"@type":"WebPage","@id":"https:\/\/funoc.be\/?page_id=212","url":"https:\/\/funoc.be\/?page_id=212","name":"Les cr\u00e8ches de la FUNOC","isPartOf":{"@id":"https:\/\/funoc.be\/#website"},"datePublished":"2023-10-23T11:21:59+00:00","dateModified":"2023-10-23T11:25:53+00:00","description":"La FUNOC dispose de deux cr\u00e8ches pour que ses stagiaires qui ont des enfants en bas-\u00e2ges puissent suivre leurs cours en toute s\u00e9r\u00e9nit\u00e9.","breadcrumb":{"@id":"https:\/\/funoc.be\/?page_id=212#breadcrumb"},"inLanguage":"fr-FR","potentialAction":[{"@type":"ReadAction","target":["https:\/\/funoc.be\/?page_id=212"]}]},{"@type":"BreadcrumbList","@id":"https:\/\/funoc.be\/?page_id=212#breadcrumb","itemListElement":[{"@type":"ListItem","position":1,"name":"Accueil","item":"https:\/\/funoc.be\/"},{"@type":"ListItem","position":2,"name":"Cr\u00e8che de la FUNOC"}]},{"@type":"WebSite","@id":"https:\/\/funoc.be\/#website","url":"https:\/\/funoc.be\/","name":"FUNOC : la formation \u00e0 Charleroi","description":"La formation, c&#039;est FUN&#039; OK ?","publisher":{"@id":"https:\/\/funoc.be\/#organization"},"potentialAction":[{"@type":"SearchAction","target":{"@type":"EntryPoint","urlTemplate":"https:\/\/funoc.be\/?s={search_term_string}"},"query-input":"required name=search_term_string"}],"inLanguage":"fr-FR"},{"@type":"Organization","@id":"https:\/\/funoc.be\/#organization","name":"FUNOC : la formation \u00e0 Charleroi","url":"https:\/\/funoc.be\/","logo":{"@type":"ImageObject","inLanguage":"fr-FR","@id":"https:\/\/funoc.be\/#\/schema\/logo\/image\/","url":"https:\/\/funoc.be\/wp-content\/uploads\/2023\/10\/funoc_logo_positif_sansfond_900X900_72pdi.png","contentUrl":"https:\/\/funoc.be\/wp-content\/uploads\/2023\/10\/funoc_logo_positif_sansfond_900X900_72pdi.png","width":900,"height":900,"caption":"FUNOC : la formation \u00e0 Charleroi"},"image":{"@id":"https:\/\/funoc.be\/#\/schema\/logo\/image\/"},"sameAs":["https:\/\/www.facebook.com\/la.funoc"]}]}},"_links":{"self":[{"href":"https:\/\/funoc.be\/index.php?rest_route=\/wp\/v2\/pages\/212","targetHints":{"allow":["GET"]}}],"collection":[{"href":"https:\/\/funoc.be\/index.php?rest_route=\/wp\/v2\/pages"}],"about":[{"href":"https:\/\/funoc.be\/index.php?rest_route=\/wp\/v2\/types\/page"}],"author":[{"embeddable":true,"href":"https:\/\/funoc.be\/index.php?rest_route=\/wp\/v2\/users\/2"}],"replies":[{"embeddable":true,"href":"https:\/\/funoc.be\/index.php?rest_route=%2Fwp%2Fv2%2Fcomments&post=212"}],"version-history":[{"count":2,"href":"https:\/\/funoc.be\/index.php?rest_route=\/wp\/v2\/pages\/212\/revisions"}],"predecessor-version":[{"id":218,"href":"https:\/\/funoc.be\/index.php?rest_route=\/wp\/v2\/pages\/212\/revisions\/218"}],"wp:attachment":[{"href":"https:\/\/funoc.be\/index.php?rest_route=%2Fwp%2Fv2%2Fmedia&parent=212"}],"curies":[{"name":"wp","href":"https:\/\/api.w.org\/{rel}","templated":true}]}}